{"id":13982,"date":"2026-04-12T15:57:40","date_gmt":"2026-04-12T13:57:40","guid":{"rendered":"https:\/\/freizeit-technik.de\/shop\/redes-laterales-antitrepa-con-ojales\/"},"modified":"2026-04-24T11:29:00","modified_gmt":"2026-04-24T09:29:00","slug":"redes-laterales-antitrepa-con-ojales","status":"publish","type":"product","link":"https:\/\/freizeit-technik.de\/es\/shop\/redes-laterales-antitrepa-con-ojales\/","title":{"rendered":"Redes laterales antitrepa con ojales"},"content":{"rendered":"<p><strong>Anchura m\u00e1xima en una pieza: 300cm<br \/>\nAnchura m\u00e1xima con junta de uni\u00f3n: 600cm<br \/>\n<\/strong><strong>longitud m\u00e1xima: 20 m<br \/>\n<\/strong><strong>Aplicaci\u00f3n: interior y exterior<br \/>\n<\/strong><strong>Color: negro<br \/>\nLuz de malla: malla fina<br \/>\n<\/strong><\/p>\n<p><img loading=\"lazy\" decoding=\"async\" class=\"size-full wp-image-682 alignleft\" src=\"https:\/\/freizeit-technik.de\/wp-content\/uploads\/2017\/03\/Q_deutschland-1.gif\" alt=\"\" width=\"64\" height=\"64\"><\/p>\n","protected":false},"excerpt":{"rendered":"<p>Redes laterales para cama el\u00e1stica confeccionadas con tejido de malla fina de PVC que no se puede trepar. Ofrecen un aspecto atractivo y uniforme.<br \/>\nEstas redes laterales son especialmente adecuadas para superficies peque\u00f1as de menos de 30 m\u00b2 y se pueden fabricar a un tama\u00f1o muy preciso.<br \/>\nTodos los bordes est\u00e1n doblados, cosidos y con ojales alrededor. Tambi\u00e9n puedes instalar estas redes laterales con bridas para cables, un cord\u00f3n de atado o fijaciones el\u00e1sticas.  <\/p>\n<p>Disponible gratuitamente como protecci\u00f3n antica\u00edda para camas el\u00e1sticas y plataformas instaladas hasta un m\u00e1ximo de 1,60 metros sobre el nivel del suelo. <\/p>\n<p>Fabricados a medida en nuestra propia guarnicioner\u00eda maestra de Stuttgart.<\/p>\n<p><strong>Requisitos para las categor\u00edas de precios:<br \/>\n<\/strong><strong>Tama\u00f1o 1: Hasta 2 m\u00b2<\/strong> + ning\u00fan lado inferior a 90 cm, por ejemplo, hasta 140 x 140 cm<br \/>\n<strong>Tama\u00f1o 2: Hasta 4 m\u00b2<\/strong> + ning\u00fan lado inferior a 120 cm, por ejemplo, hasta 200 x 200 cm<br \/>\n<strong>Tama\u00f1o 3: Hasta 6 m\u00b2<\/strong> + ning\u00fan lado inferior a 150 cm, por ejemplo, hasta 200 x 300 cm<br \/>\n<strong>Tama\u00f1o 4:<\/strong> <strong>Hasta 8 m\u00b2<\/strong> + ning\u00fan lado inferior a 180 cm, por ejemplo, hasta 250 x 320 cm<br \/>\n<strong>Tama\u00f1o 5: Hasta 10 m\u00b2<\/strong> + ning\u00fan lado inferior a 220 cm, por ejemplo, hasta 300 x 320 cm<br \/>\n<strong>Tama\u00f1o 6: Hasta 12 m\u00b2<\/strong> + ning\u00fan lado inferior a 220 cm, por ejemplo, hasta 300 x 400 cm<br \/>\n<strong>Tama\u00f1o 7: Hasta 14 m\u00b2<\/strong> + ning\u00fan lado inferior a 220 cm, por ejemplo, hasta 300 x 450 cm<br \/>\n<strong>Tama\u00f1o 8: Hasta 16 m\u00b2<\/strong> + ning\u00fan lado inferior a 220 cm, por ejemplo, hasta 300 x 520 cm<br \/>\n<strong>Tama\u00f1o 9: Hasta 18 m\u00b2<\/strong> + ning\u00fan lado inferior a 220 cm, por ejemplo, hasta 300 x 600 cm<br \/>\n<strong>Tama\u00f1o 10: Hasta 20 m\u00b2<\/strong> + ning\u00fan lado inferior a 220 cm, por ejemplo, hasta 300 x 650 cm<br \/>\n<strong>Tama\u00f1o 11:<\/strong> <strong>Hasta 22 m\u00b2<\/strong> + todos los lados de m\u00e1s de 300 cm, por ejemplo, hasta 400 x 550 cm<br \/>\n<strong>Tama\u00f1o 12: Hasta 24 m\u00b2<\/strong> + todos los lados de m\u00e1s de 300 cm, por ejemplo, hasta 400 x 600 cm<br \/>\n<strong>Tama\u00f1o 13: Hasta 26 m\u00b2<\/strong> + todos los lados de m\u00e1s de 300 cm, por ejemplo, hasta 460 x 560 cm<br \/>\n<strong>Tama\u00f1o 14:<\/strong> <strong>Hasta 28 m\u00b2<\/strong> + todos los lados de m\u00e1s de 300 cm, por ejemplo, hasta 525 x 525 cm<br \/>\n<strong>Tama\u00f1o 15: Hasta 30 m\u00b2<\/strong> + todos los lados de m\u00e1s de 300 cm, por ejemplo, hasta 500 x 600 cm<\/p>\n<p>Cuadrada o rectangular. Para otras formas (redonda, triangular, octogonal, etc.) y redes laterales m\u00e1s grandes o estrechas, env\u00edanos una consulta aparte.<\/p>\n<p><strong>Precios escalonados para redes laterales id\u00e9nticas:<\/strong> Si aumentas el n\u00famero de redes id\u00e9nticas<br \/>\na 2, 4, 6, 8 \u00f3 10, \u00a1el precio por unidad se reduce!<\/p>\n<p>Proceso de pedido:<br \/>\nPara fabricar redes laterales personalizadas, consulta los pedidos anteriores al hacer tu pedido. Si a\u00fan no hemos registrado tu red lateral con las dimensiones correspondientes, h\u00e1znoslo saber en el campo de comentarios al completar tu pedido. Si necesitas ayuda con esto, ponte en contacto con nosotros. Estaremos encantados de ayudarte a determinar las dimensiones correctas.   <\/p>\n<p>Plazo de entrega: normalmente 1-2 semanas.<\/p>\n","protected":false},"featured_media":9874,"comment_status":"open","ping_status":"closed","template":"","meta":{"_acf_changed":false},"product_brand":[],"product_cat":[258,259],"product_tag":[],"class_list":{"0":"post-13982","1":"product","2":"type-product","3":"status-publish","4":"has-post-thumbnail","6":"product_cat-accesorios-para-parques-infantiles","7":"product_cat-redes-laterales-para-cama-elastica","9":"first","10":"instock","11":"taxable","12":"shipping-taxable","13":"product-type-variable"},"acf":[],"_links":{"self":[{"href":"https:\/\/freizeit-technik.de\/es\/wp-json\/wp\/v2\/product\/13982","targetHints":{"allow":["GET"]}}],"collection":[{"href":"https:\/\/freizeit-technik.de\/es\/wp-json\/wp\/v2\/product"}],"about":[{"href":"https:\/\/freizeit-technik.de\/es\/wp-json\/wp\/v2\/types\/product"}],"replies":[{"embeddable":true,"href":"https:\/\/freizeit-technik.de\/es\/wp-json\/wp\/v2\/comments?post=13982"}],"wp:featuredmedia":[{"embeddable":true,"href":"https:\/\/freizeit-technik.de\/es\/wp-json\/wp\/v2\/media\/9874"}],"wp:attachment":[{"href":"https:\/\/freizeit-technik.de\/es\/wp-json\/wp\/v2\/media?parent=13982"}],"wp:term":[{"taxonomy":"product_brand","embeddable":true,"href":"https:\/\/freizeit-technik.de\/es\/wp-json\/wp\/v2\/product_brand?post=13982"},{"taxonomy":"product_cat","embeddable":true,"href":"https:\/\/freizeit-technik.de\/es\/wp-json\/wp\/v2\/product_cat?post=13982"},{"taxonomy":"product_tag","embeddable":true,"href":"https:\/\/freizeit-technik.de\/es\/wp-json\/wp\/v2\/product_tag?post=13982"}],"curies":[{"name":"wp","href":"https:\/\/api.w.org\/{rel}","templated":true}]}}