{"id":14206,"date":"2026-04-12T15:59:09","date_gmt":"2026-04-12T13:59:09","guid":{"rendered":"https:\/\/freizeit-technik.de\/shop\/redes-laterais-de-pp-de-malha-grossa-e-sem-nos\/"},"modified":"2026-04-24T11:29:36","modified_gmt":"2026-04-24T09:29:36","slug":"redes-laterais-de-pp-de-malha-grossa-e-sem-nos","status":"publish","type":"product","link":"https:\/\/freizeit-technik.de\/pt-pt\/shop\/redes-laterais-de-pp-de-malha-grossa-e-sem-nos\/","title":{"rendered":"Redes laterais de PP de malha grossa e sem n\u00f3s"},"content":{"rendered":"<p><strong>largura m\u00e1xima: 20m<br \/>\n<\/strong><strong>comprimento m\u00e1ximo: 100m<br \/>\n<\/strong><strong>Aplica\u00e7\u00e3o: interior e exterior<br \/>\n<\/strong><strong>Cor: preto<br \/>\nTamanho da malha: 45 x 45mm<br \/>\nEspessura do fio: 3mm<\/strong><\/p>\n<p><img loading=\"lazy\" decoding=\"async\" class=\"size-full wp-image-682 alignleft\" src=\"https:\/\/freizeit-technik.de\/wp-content\/uploads\/2017\/03\/Q_deutschland-1.gif\" alt=\"\" width=\"64\" height=\"64\"><\/p>\n","protected":false},"excerpt":{"rendered":"<p>Redes laterais em PP sem n\u00f3s, prontas a usar, com malha de 45 x 45 mm e bordos refor\u00e7ados. Em alternativa, podes instalar estas redes laterais com abra\u00e7adeiras, um cord\u00e3o de liga\u00e7\u00e3o ou fixadores de borracha. Estas redes de malha grossa s\u00e3o transparentes de quase todos os \u00e2ngulos, muito robustas e econ\u00f3micas. Devido \u00e0s malhas largas, n\u00e3o podem ser produzidas exatamente ao cent\u00edmetro. Por isso, geralmente produzimos estas redes um pouco mais apertadas, para que sejam esticadas at\u00e9 ao tamanho pretendido e fiquem bem ajustadas quando instaladas.    <\/p>\n<p><strong>Requisitos para as categorias de pre\u00e7os:<br \/>\n<\/strong>Quadrado ou retangular. Para outras formas (redondas, triangulares, octogonais, etc.) e panos maiores ou mais estreitos, envia-nos um pedido de informa\u00e7\u00e3o separado. <\/p>\n<p><strong>Processo de encomenda:<br \/>\n<\/strong>Selecionar <strong>a categoria de pre\u00e7o adequada.<\/strong><br \/>\n<strong>Introduzir a quantidade.<\/strong><br \/>\nN\u00e3o existe um desconto escalonado para este artigo para v\u00e1rias redes id\u00eanticas.<\/p>\n<p>Para a produ\u00e7\u00e3o de redes laterais personalizadas, consulta as encomendas anteriores quando fizeres a tua encomenda.<br \/>\nSe ainda n\u00e3o tivermos registado a tua rede lateral com as dimens\u00f5es correspondentes, informa-nos no campo de coment\u00e1rios quando completares a tua encomenda.<br \/>\nSe precisares de ajuda, contacta-nos. Teremos todo o gosto em ajudar-te a determinar as dimens\u00f5es corretas! <\/p>\n<p>Prazo de entrega: normalmente 3-4 semanas.<\/p>\n","protected":false},"featured_media":9824,"comment_status":"open","ping_status":"closed","template":"","meta":{"_acf_changed":false},"product_brand":[],"product_cat":[260,261],"product_tag":[],"class_list":{"0":"post-14206","1":"product","2":"type-product","3":"status-publish","4":"has-post-thumbnail","6":"product_cat-acessorios-para-parques-infantis","7":"product_cat-redes-laterais-para-trampolins","9":"first","10":"instock","11":"taxable","12":"shipping-taxable","13":"product-type-variable"},"acf":[],"_links":{"self":[{"href":"https:\/\/freizeit-technik.de\/pt-pt\/wp-json\/wp\/v2\/product\/14206","targetHints":{"allow":["GET"]}}],"collection":[{"href":"https:\/\/freizeit-technik.de\/pt-pt\/wp-json\/wp\/v2\/product"}],"about":[{"href":"https:\/\/freizeit-technik.de\/pt-pt\/wp-json\/wp\/v2\/types\/product"}],"replies":[{"embeddable":true,"href":"https:\/\/freizeit-technik.de\/pt-pt\/wp-json\/wp\/v2\/comments?post=14206"}],"wp:featuredmedia":[{"embeddable":true,"href":"https:\/\/freizeit-technik.de\/pt-pt\/wp-json\/wp\/v2\/media\/9824"}],"wp:attachment":[{"href":"https:\/\/freizeit-technik.de\/pt-pt\/wp-json\/wp\/v2\/media?parent=14206"}],"wp:term":[{"taxonomy":"product_brand","embeddable":true,"href":"https:\/\/freizeit-technik.de\/pt-pt\/wp-json\/wp\/v2\/product_brand?post=14206"},{"taxonomy":"product_cat","embeddable":true,"href":"https:\/\/freizeit-technik.de\/pt-pt\/wp-json\/wp\/v2\/product_cat?post=14206"},{"taxonomy":"product_tag","embeddable":true,"href":"https:\/\/freizeit-technik.de\/pt-pt\/wp-json\/wp\/v2\/product_tag?post=14206"}],"curies":[{"name":"wp","href":"https:\/\/api.w.org\/{rel}","templated":true}]}}